{"id":2,"date":"2014-12-14T20:36:27","date_gmt":"2014-12-14T20:36:27","guid":{"rendered":"http:\/\/ppeees.ufms.br\/?page_id=2"},"modified":"2023-04-14T12:33:16","modified_gmt":"2023-04-14T12:33:16","slug":"pagina-exemplo","status":"publish","type":"page","link":"https:\/\/ppeees-cpan.ufms.br\/","title":{"rendered":"Home"},"content":{"rendered":"<p style=\"text-align: left;\" align=\"center\">O Programa de P\u00f3s-Gradua\u00e7\u00e3o em Educa\u00e7\u00e3o da Universidade Cat\u00f3lica Dom Bosco (UCDB), o Programa de P\u00f3s-Gradua\u00e7\u00e3o em Educa\u00e7\u00e3o \u2013 Educa\u00e7\u00e3o Social da Universidade Federal de Mato Grosso do Sul (UFMS) \u2013 Campus do Pantanal (CPAN) e a Rede de Pesquisa em Educa\u00e7\u00e3o Especial de Mato Grosso do Sul (REPEEMS) convidam para a roda de conversa online:<\/p>\n<p style=\"text-align: left;\" align=\"center\">\n<p style=\"text-align: left;\" align=\"center\">\u201cDesafios para a garantia do direito \u00e0 educa\u00e7\u00e3o ap\u00f3s a aprova\u00e7\u00e3o\/suspens\u00e3o do Decreto 10.502\/2020\u201d<\/p>\n<p style=\"text-align: left;\" align=\"center\">\n<p style=\"text-align: left;\" align=\"center\">Com a participa\u00e7\u00e3o de Cl\u00e1udio Roberto Baptista (UFRGS), Fl\u00e1via Pansini (UNIR), Katia Regina Moreno Caiado (UFSCar), M\u00f4nica de Carvalho Magalh\u00e3es Kassar (UFMS), Regina Tereza Cestari de Oliveira (UCDB) e Rita de C\u00e1ssia Barbosa Paiva Magalh\u00e3es (UFRN).<\/p>\n<p style=\"text-align: left;\" align=\"center\">\n<p style=\"text-align: left;\" align=\"center\">No dia 07 de dezembro de 2020, das 17:30 \u00e0s 19:30 (hor\u00e1rio de Bras\u00edlia) \/ das 16:30 \u00e0s 18:30 (hor\u00e1rio de MS), pelo Canal do YouTube PPGE UFMS\/CPAN: <a href=\"https:\/\/www.youtube.com\/channel\/UC3m3fFS_GgwbSwvt0jV7dWg\" target=\"_blank\" rel=\"noopener\">https:\/\/www.youtube.com\/channel\/UC3m3fFS_GgwbSwvt0jV7dWg<\/a><\/p>\n<p style=\"text-align: left;\" align=\"center\">\n<p style=\"text-align: left;\" align=\"center\"><a href=\"http:\/\/creia.ufms.br\/files\/2020\/12\/Debate_Decreto_UCDB_PPGE_dez_2020_II.pdf\" target=\"_blank\" rel=\"noopener\">FOLDER<\/a><\/p>\n<p style=\"text-align: left;\" align=\"center\">\n<p style=\"text-align: left;\" align=\"center\">&#8212;&#8212;&#8212;&#8212;&#8212;&#8212;&#8212;&#8212;-<\/p>\n<p style=\"text-align: left;\" align=\"center\">O Grupo de Pesquisa Pol\u00edticas P\u00fablicas de Educa\u00e7\u00e3o e Educa\u00e7\u00e3o Especial est\u00e1 desenvolvendo entre os dias 15 e 30\/06 a\u00e7\u00f5es de forma\u00e7\u00e3o continuada por meio das tecnologias digitais (Canal YouTube e estudos dirigidos) aos professores de Escolas das \u00c1guas da rede municipal de ensino de Corumb\u00e1.<\/p>\n<p style=\"text-align: left;\" align=\"center\">O projeto realizado em parceria com a Prefeitura Municipal de Corumb\u00e1 (Secretaria das Escolas das \u00c1guas) \u00e9 coordenado pelo Prof. Dr. Washington Cesar Shoiti Nozu (UFGD), p\u00f3s-doutorando do PPGE\/CPAN\/UFMS sob supervis\u00e3o da Profa. Dra. M\u00f4nica Kassar.<\/p>\n<p style=\"text-align: left;\" align=\"center\"><strong>Programa\u00e7\u00e3o<\/strong>:<\/p>\n<p style=\"text-align: left;\" align=\"center\"><b>Forma\u00e7\u00e3o Continuada de Professores e Gestores para Inclus\u00e3o de Estudantes da Educa\u00e7\u00e3o Especial em Escolas das \u00c1guas<\/b><\/p>\n<p style=\"text-align: left;\"><span style=\"text-decoration: underline;\">Primeiro M\u00f3dulo<\/span>:&nbsp;<b>Educa\u00e7\u00e3o Especial em Escolas das \u00c1guas: construindo um trabalho colaborativo<\/b><\/p>\n<p style=\"text-align: left;\">Prof. Dr. Washington Cesar Shoiti Nozu (UFGD)<\/p>\n<p style=\"text-align: left;\"><span style=\"text-decoration: underline;\">Segundo M\u00f3dulo<\/span>:&nbsp;<b>Inclus\u00e3o em Escolas Ribeirinhas: desafios e possibilidades<\/b><\/p>\n<p style=\"text-align: left;\">Prof\u00aa. Dr\u00aa. Ivanilde Apoluceno de Oliveira (UEPA)<\/p>\n<p style=\"text-align: left;\"><span style=\"text-decoration: underline;\">Terceiro M\u00f3dulo<\/span>:&nbsp;<b>Pr\u00e1ticas Pedag\u00f3gicas: interculturalidade e interface com a Educa\u00e7\u00e3o Especial<\/b><\/p>\n<p style=\"text-align: left;\">Prof\u00aa. Me. Patr\u00edcia Honorato Zerlotti (ECOA)<\/p>\n<p style=\"text-align: left;\">Prof. Dr. Jo\u00e3o Henrique da Silva (UFRR)<\/p>\n<p style=\"text-align: left;\"><span style=\"text-decoration: underline;\">Quarto M\u00f3dulo<\/span>:&nbsp;<b>Escolariza\u00e7\u00e3o de Pessoas com Defici\u00eancia Visual: possibilidades, necessidades e estrat\u00e9gias para a promo\u00e7\u00e3o da aprendizagem<\/b><\/p>\n<p style=\"text-align: left;\">Prof\u00aa. Dr\u00aa. Marilda Moraes Garcia Bruno (UFGD)<\/p>\n<p style=\"text-align: left;\">Prof\u00aa. Dr\u00aa. Michele Aparecida de S\u00e1 (UFMG)<\/p>\n<p style=\"text-align: left;\"><span style=\"text-decoration: underline;\">Quinto M\u00f3dulo<\/span>:&nbsp;<b>Escolariza\u00e7\u00e3o de Pessoas com Transtornos do Espectro Autista<\/b><\/p>\n<p style=\"text-align: left;\">Prof\u00aa. Dr\u00aa. M\u00f4nica de Carvalho Magalh\u00e3es Kassar (UFMS)<\/p>\n<p style=\"text-align: left;\"><span style=\"text-decoration: underline;\">Sexto M\u00f3dulo<\/span>:&nbsp;<b>Escolariza\u00e7\u00e3o de Pessoas com Defici\u00eancia Intelectual<\/b><\/p>\n<p style=\"text-align: left;\">Prof\u00aa. Dr\u00aa. Andressa Santos Rebelo (UFMS)<\/p>\n<p style=\"text-align: left;\"><span style=\"text-decoration: underline;\">S\u00e9timo M\u00f3dulo<\/span>:&nbsp;<b>Desenho Universal da Aprendizagem e Inclus\u00e3o Escolar<\/b><\/p>\n<p style=\"text-align: left;\">Prof. Dr. Eladio Sebasti\u00e1n Heredero (UAH\/UFMS)<\/p>\n<p style=\"text-align: left;\"><span style=\"text-decoration: underline;\">Oitavo M\u00f3dulo<\/span>:&nbsp;<b>Transgredindo o Paradigma (Multi)Seriado nas Escolas do Campo<\/b><\/p>\n<p style=\"text-align: left;\">Prof. Dr. Salom\u00e3o Mufarrej Hage (UFPA)<\/p>\n<h3 class=\"big_title\">&#8212;&#8212;&#8212;&#8212;&#8212;&#8212;&#8212;&#8212;&#8212;&#8212;&#8212;&#8212;&#8212;&#8212;&#8211;<\/h3>\n<h3 class=\"big_title\">Comunicado sobre o cancelamento do II Encontro de Pesquisadores em Educa\u00e7\u00e3o Especial de Mato Grosso do Sul:&nbsp;<a href=\"https:\/\/creia.ufms.br\/2020\/03\/13\/comunicado-sobre-o-ii-encontro-de-pesquisadores-em-educacao-especial-de-mato-grosso-do-sul\/\" target=\"_blank\" rel=\"noopener\">aqui<\/a>.<\/h3>\n<p>&nbsp;<\/p>\n<p>&#8212;&#8212;&#8212;&#8212;&#8212;&#8212;&#8212;&#8212;&#8212;&#8212;&#8212;&#8212;&#8212;&#8212;&#8211;<\/p>\n<p>&nbsp;<\/p>\n<h3 class=\"big_title\">Convite:&nbsp;II Encontro de Pesquisadores em Educa\u00e7\u00e3o Especial de Mato Grosso do Sul<\/h3>\n<p data-adtags-visited=\"true\">Nos dias 01 e 02 de dezembro de 2014, foi realizado, na Universidade Federal de Mato Grosso do Sul, Unidade III do Campus do Pantanal, o I Encontro de Pesquisadores em Educa\u00e7\u00e3o Especial de Mato Grosso do Sul, sob coordena\u00e7\u00e3o das Professoras Dr\u00aa. Celi Corr\u00eaa Neres, Dr\u00aa. M\u00f4nica de Carvalho Magalh\u00e3es Kassar e Dr\u00aa. Nesdete Mesquita Corr\u00eaa.<\/p>\n<p data-adtags-visited=\"true\">Na ocasi\u00e3o, os pesquisadores presentes, ligados aos Programas de P\u00f3s-Gradua\u00e7\u00e3o em Educa\u00e7\u00e3o da Universidade Cat\u00f3lica Dom Bosco, da Universidade Estadual de Mato Grosso do Sul, da Universidade Federal da Grande Dourados e da Universidade Federal de Mato Grosso do Sul, expuseram suas produ\u00e7\u00f5es, conclu\u00eddas e em andamento, sobre a tem\u00e1tica da Educa\u00e7\u00e3o Especial e Inclus\u00e3o Escolar.<\/p>\n<p data-adtags-visited=\"true\">Um dos desdobramentos do evento foi a cria\u00e7\u00e3o da Rede de Pesquisa em Educa\u00e7\u00e3o Especial de Mato Grosso do Sul (Repeems), cujo acesso pode ser feito por meio do link:&nbsp;<a href=\"https:\/\/pesquisaeems.wordpress.com\/\" target=\"_blank\" rel=\"nofollow noopener\">https:\/\/pesquisaeems.wordpress.com\/<\/a>.<\/p>\n<p data-adtags-visited=\"true\">Com o intuito de retomar as atividades da Repeems,&nbsp;<strong>CONVIDAMOS a todos interessados a participarem do II Encontro de Pesquisadores em Educa\u00e7\u00e3o Especial de Mato Grosso do Sul, a ser realizado no dia 16 de mar\u00e7o de 2020, no Anfiteatro da Unidade I da Universidade Federal da Grande Dourados<\/strong>.<\/p>\n<p data-adtags-visited=\"true\">O&nbsp;<strong>II Encontro de Pesquisadores em Educa\u00e7\u00e3o Especial de Mato Grosso do Sul<\/strong>&nbsp;objetiva congregar pesquisadores que atuam na \u00e1rea da Educa\u00e7\u00e3o Especial, vinculados aos Programas de P\u00f3s-Gradua\u00e7\u00e3o e aos grupos de pesquisa de Mato Grosso do Sul, com o intuito de disseminar as suas produ\u00e7\u00f5es (conclu\u00eddas e em andamento), de oportunizar a interlocu\u00e7\u00e3o entre estudiosos do tema no \u00e2mbito estadual e de articular pesquisas em rede.<\/p>\n<p data-adtags-visited=\"true\">Por fim, agradecemos a aten\u00e7\u00e3o e solicitamos a ampla divulga\u00e7\u00e3o do evento junto \u00e0 comunidade acad\u00eamica.<\/p>\n<p data-adtags-visited=\"true\">Cordialmente,<\/p>\n<p data-adtags-visited=\"true\"><strong>Washington Cesar Shoiti Nozu (UFGD)<\/strong>,&nbsp;<strong>M\u00f4nica de Carvalho Magalh\u00e3es Kassar (UFMS)&nbsp;<\/strong>e<strong>&nbsp;Celi Corr\u00eaa Neres (UEMS)<\/strong>&nbsp;\u2013 Organizadores do Evento<\/p>\n<h3 class=\"big_title\">&#8212;&#8212;&#8212;&#8212;&#8212;&#8212;&#8211;<\/h3>\n<h3 class=\"big_title\">Campanha Eu Respeito \u2013 UFMS Inclus\u00e3o Junho 2018<\/h3>\n<p>A campanha Eu Respeito do m\u00eas de junho tem como tema as A\u00e7\u00f5es Afirmativas, que procuram garantir igualdade em oposi\u00e7\u00e3o \u00e0 discrimina\u00e7\u00e3o. O objetivo da campanha \u00e9 promover o respeito entre a comunidade acad\u00eamica, como um valor que deve ser colocado em pr\u00e1tica nas intera\u00e7\u00f5es do dia a dia. As atividades desenvolvidas no Campus do Pantanal tratam sobre inclus\u00e3o e diversidade na educa\u00e7\u00e3o b\u00e1sica e educa\u00e7\u00e3o superior.<\/p>\n<p>Inscri\u00e7\u00f5es em: <a href=\"https:\/\/docs.google.com\/forms\/d\/e\/1FAIpQLSdzXGY6FPXGrl8GyPUJYpsDMFFStbQA33CKLAsoCX2xr0YGdw\/viewform?usp=sf_link\" target=\"_blank\" rel=\"noopener\">https:\/\/docs.google.com\/forms\/d\/e\/1FAIpQLSdzXGY6FPXGrl8GyPUJYpsDMFFStbQA33CKLAsoCX2xr0YGdw\/viewform?usp=sf_link<\/a><\/p>\n<p>Confira a programa\u00e7\u00e3o:<\/p>\n<p><strong>Campanha Eu Respeito \u2013 UFMS Junho<\/strong><\/p>\n<table>\n<tbody>\n<tr>\n<td width=\"242\"><strong>20\/06 (quarta-feira) &#8211; noite<\/strong><\/td>\n<td width=\"242\"><strong>21\/06 (quinta-feira) &#8211; tarde<\/strong><\/td>\n<td width=\"241\"><strong>21\/06 (quinta-feira) &#8211; noite<\/strong><\/td>\n<\/tr>\n<tr>\n<td width=\"242\"><strong>18h30- 21h30<\/strong><strong>Local: Audit\u00f3rio H-108 (Unidade I)<\/strong>Mesa redonda: Inclus\u00e3o e diversidade na educa\u00e7\u00e3o b\u00e1sica e educa\u00e7\u00e3o superior\u201cAcesso e acessibilidade: um olhar para o ensino superior\u201d &#8211; Prof. Me. Daniel Mendes da Silva Filho (Secretaria de Educa\u00e7\u00e3o de Lad\u00e1rio)\u201cA gest\u00e3o escolar e as pol\u00edticas da educa\u00e7\u00e3o especial\u201d \u2013 Psic. Dnda. Fl\u00e1via Pedrosa de Camargo (IFMS)\u201cTrajet\u00f3ria de pessoas com defici\u00eancia na educa\u00e7\u00e3o b\u00e1sica e no ensino superior\u201dGabrielli Ferreira Rios (Pedagoga e professora de AEE)<\/td>\n<\/tr>\n<\/tbody>\n<\/table>\n<p>Robeson Adrison Barbosa Leite (Acad. de Letras-Ingl\u00eas, UFMS\/CPAN)<\/p>\n<p>&nbsp;<\/p>\n<p>Media\u00e7\u00e3o: Profa. Dra. Andressa Santos Rebelo (UFMS)<strong>16h-17h00<\/strong><strong>Local: Audit\u00f3rio H-108 (Unidade I)<\/strong>Oficina:\u201cNecessidades educacionais especiais e tecnologia assistiva\u201d \u2013 Acad\u00eamicas do Mestrado em Educa\u00e7\u00e3o UFMS\/CPAN Profa. Rosa Alessandra Rodrigues Corr\u00eaa (Secretaria de Educa\u00e7\u00e3o de Corumb\u00e1) e Profa. Tha\u00eds Aquino Sigarini Botelho (Bolsista CAPES).<strong>&nbsp;<\/strong><strong>17h00-18h00<\/strong><strong>Local: Audit\u00f3rio H-108 (Unidade I)<\/strong>Oficina:\u201cInclus\u00e3o e intera\u00e7\u00e3o atrav\u00e9s da Comunica\u00e7\u00e3o Suplementar e Alternativa\u201d \u2013 Ivan Roger dos Santos Leite (Acad. de Letras-Espanhol, UFMS\/CPAN)<strong>Obs<\/strong>: Os participantes das oficinas devem instalar previamente em seu celular os aplicativos gratuitos <strong>Hand Talk<\/strong> e <strong>LetMe Talk<\/strong>, dispon\u00edveis na Play Store.<strong>18h30- 21h30<\/strong><strong>Local: Audit\u00f3rio H-108 (Unidade I)<\/strong>Mesa redonda: Pol\u00edticas e pr\u00e1ticas de educa\u00e7\u00e3o e inclus\u00e3o\u201cMovimento e pr\u00e1ticas inclusivas\u201d \u2013 Profa. Dra. Sarita de Mendon\u00e7a Bacciotti (UFMS)\u201cA import\u00e2ncia da aprendizagem da Libras para crian\u00e7as surdas em contextos n\u00e3o escolares\u201d &#8211; Profa. Ma. Andrea Duarte de Oliveira (IFMS)\u201cO papel do professor de apoio na educa\u00e7\u00e3o b\u00e1sica\u201d &#8211; Profa. Rosa Alessandra Rodrigues Corr\u00eaa (Secretaria de Educa\u00e7\u00e3o de Corumb\u00e1)<\/p>\n<p>\u201cPol\u00edtica de cotas\u201d \u2013 Profa. Ma. Cl\u00e1udia Elizabete da Costa&nbsp;Moraes Mondini (UFMS)<\/p>\n<p>&nbsp;<\/p>\n<p>Media\u00e7\u00e3o: Profa. Dra. Andressa Santos Rebelo (UFMS)<\/p>\n<p>Ser\u00e1 entregue declara\u00e7\u00e3o (de 10h) aos participantes a partir do dia 02\/07, na Secretaria do Mestrado em Educa\u00e7\u00e3o, Unidade III, Campus do Pantanal.<\/p>\n<h3 class=\"big_title\">&#8212;&#8212;&#8212;&#8212;&#8212;&#8212;&#8211;<\/h3>\n<h3 class=\"big_title\"><b>&lt;&lt;&lt;ACERVO VIRTUAL&gt;&gt;&gt;<\/b><\/h3>\n<p><strong>Disponibilizamos a pesquisadores, profissionais interessados e ao p\u00fablico em geral&nbsp;documentos da educa\u00e7\u00e3o especial dos s\u00e9culos XIX e XX. O material \u00e9 resultado do projeto&nbsp;de pesquisa &#8220;Estudo das rela\u00e7\u00f5es entre o atendimento \u00e0 pessoa com defici\u00eancia no Brasil e a produ\u00e7\u00e3o europeia e norte-americana&#8221;, coordenado pela professora doutora M\u00f4nica de Carvalho Magalh\u00e3es Kassar, com a participa\u00e7\u00e3o da professora doutora Gilberta Sampaio de Martino Jannuzzi e colabora\u00e7\u00e3o de alunos da gradua\u00e7\u00e3o e p\u00f3s-gradua\u00e7\u00e3o.<\/strong><\/p>\n<p><strong><a href=\"http:\/\/ppeees-cpan.ufms.br\/?cat=26\" target=\"_blank\" rel=\"noopener\">Mais informa\u00e7\u00f5es sobre a pesquisa<\/a>. Para conhecer os documentos, acesse ao menu Acervo virtual &gt; <a href=\"http:\/\/ppeees-cpan.ufms.br\/?cat=24\" target=\"_blank\" rel=\"noopener\">S\u00e9culo XIX<\/a>&nbsp;&gt; <a href=\"http:\/\/ppeees-cpan.ufms.br\/?cat=25\" target=\"_blank\" rel=\"noopener\">S\u00e9culo XX<\/a>.<\/strong><\/p>\n<p>&#8212;&#8212;&#8212;&#8212;&#8212;&#8212;&#8212;&#8212;&#8212;&#8212;&#8212;&#8212;&#8212;&#8212;&#8212;&#8212;&#8212;&#8212;&#8212;&#8212;&#8212;&#8212;&#8212;&#8212;&#8212;&#8212;&#8212;&#8212;&#8212;&#8212;&#8212;&#8212;&#8212;&#8212;&#8212;&#8212;&#8212;&#8212;-<\/p>\n<p>Bem vindo ao Portal do grupo de pesquisa<strong>&nbsp;&#8220;<\/strong><strong>Pol\u00edticas P\u00fablicas de Educa\u00e7\u00e3o e Educa\u00e7\u00e3o Especial&#8221;<\/strong><\/p>\n<p>Endere\u00e7o para acessar o espelho do Grupo no Diret\u00f3rio de Grupos de Pesquisa no Brasil Lattes\/CNPq:&nbsp;<a href=\"http:\/\/dgp.cnpq.br\/dgp\/espelhogrupo\/6662666493383097\" target=\"_blank\" rel=\"noopener\">http:\/\/dgp.cnpq.br\/dgp\/espelhogrupo\/6662666493383097<\/a><\/p>\n<p>O grupo tem car\u00e1ter inter-institucional e envolve pesquisadores de diferentes universidades. Entre 2010 e 2014, desenvolveu projetos de pesquisa com pesquisadores das&nbsp;UEL, UFSC, UNICAMP, UFSCar e UFMS, que&nbsp;foram contemplados pelos Edital Universal do CNPq e Edital Observat\u00f3rio \u2013 CAPES. Atualmente, \u00e9 respons\u00e1vel pelo desenvolvimento do projeto de pesquisa&nbsp; &#8220;Indicadores educacionais brasileiros a partir da Reforma Administrativa do Aparelho do Estado&#8221;, sob a coordena\u00e7\u00e3o da professora Dra. Andressa Rebelo, &#8221;&nbsp;Hist\u00f3ria e \u201cmem\u00f3ria\u201d da educa\u00e7\u00e3o especial em Mato Grosso do Sul: a \u201cvoz\u201d dos gestores (1981-2014)&#8221;, sob a coordena\u00e7\u00e3o da Dra. Nesdete Mesquita Correa e &#8220;Estudo das rela\u00e7\u00f5es entre o atendimento \u00e0 pessoa com defici\u00eancia no Brasil e a produ\u00e7\u00e3o europeia e norte-americana&#8221;, com colabora\u00e7\u00e3o da Dra. Gilberta Jannuzzi. O grupo participa como membro fundador da&nbsp; Rede de Pesquisadores de Educa\u00e7\u00e3o Especial de Mato Grosso do Sul&nbsp;(<a href=\"https:\/\/pesquisaeems.ufms.br\/\" target=\"_blank\" data-saferedirecturl=\"https:\/\/www.google.com\/url?hl=pt-BR&amp;q=https:\/\/pesquisaeems.ufms.br\/&amp;source=gmail&amp;ust=1519395271613000&amp;usg=AFQjCNG8RKEzfCFa5oSAnuK6L9KKgcTEKQ\" rel=\"noopener\">https:\/\/pesquisaeems.ufms<wbr>.br\/<\/a>), que envolve pesquisadores das Universidade Federal de Mato Grosso do Sul, Universidade Cat\u00f3lica D. Bosco, Universidade Estadual de Mato Grosso do Sul e Universidade Federal da Grande Dourados.<\/p>\n<p><strong><strong>OBSERVAT\u00d3RIO DA EDUCA\u00c7\u00c3O CAPES\/INEP:&nbsp;<\/strong><\/strong><a href=\"http:\/\/comunidades.capes.gov.br\/\" target=\"_blank\" rel=\"noopener\">http:\/\/comunidades.capes.gov.br\/<\/a><\/p>\n<p>&nbsp;<\/p>\n<p><b>Pesquisas conclu\u00eddas<\/b>:<\/p>\n<p>CNPq: &#8220;Desafios da pol\u00edtica de educa\u00e7\u00e3o especial na perspectiva da educa\u00e7\u00e3o inclusiva em munic\u00edpios brasileiros&#8221;, liderado pela Prof.\u00aa Dr.\u00aa&nbsp;<strong>M\u00f4nica Kassar<\/strong> (UFMS).<\/p>\n<p>Observat\u00f3rio da Educa\u00e7\u00e3o\/CAPES: &#8220;A escolariza\u00e7\u00e3o de alunos com defici\u00eancia e rendimento escolar: uma an\u00e1lise dos indicadores educacionais em munic\u00edpios brasileiros&#8221;, sob coordena\u00e7\u00e3o da Prof.\u00aa Dr.\u00aa&nbsp;<strong>Silvia M\u00e1rcia Ferreira Meletti<\/strong> (UEL).<\/p>\n<p style=\"text-align: left;\"><strong>Institui\u00e7\u00f5es<\/strong>:<\/p>\n<p><img decoding=\"async\" loading=\"lazy\" class=\"alignnone  wp-image-374\" src=\"http:\/\/ppeees-cpan.ufms.br\/wp-content\/uploads\/2015\/02\/logo-230x300.png\" alt=\"logo\" width=\"59\" height=\"78\" srcset=\"https:\/\/ppeees-cpan.ufms.br\/wp-content\/uploads\/2015\/02\/logo-230x300.png 230w, https:\/\/ppeees-cpan.ufms.br\/wp-content\/uploads\/2015\/02\/logo-783x1024.png 783w, https:\/\/ppeees-cpan.ufms.br\/wp-content\/uploads\/2015\/02\/logo.png 1550w\" sizes=\"(max-width: 59px) 100vw, 59px\" \/><img decoding=\"async\" loading=\"lazy\" class=\"alignnone  wp-image-370\" src=\"http:\/\/ppeees-cpan.ufms.br\/wp-content\/uploads\/2016\/02\/Brasao_UFSC_vertical_extenso.svg_-300x296.png\" alt=\"Brasao_UFSC_vertical_extenso.svg\" width=\"81\" height=\"80\" srcset=\"https:\/\/ppeees-cpan.ufms.br\/wp-content\/uploads\/2016\/02\/Brasao_UFSC_vertical_extenso.svg_-300x296.png 300w, https:\/\/ppeees-cpan.ufms.br\/wp-content\/uploads\/2016\/02\/Brasao_UFSC_vertical_extenso.svg_-150x150.png 150w, https:\/\/ppeees-cpan.ufms.br\/wp-content\/uploads\/2016\/02\/Brasao_UFSC_vertical_extenso.svg_-1024x1010.png 1024w, https:\/\/ppeees-cpan.ufms.br\/wp-content\/uploads\/2016\/02\/Brasao_UFSC_vertical_extenso.svg_-200x200.png 200w, https:\/\/ppeees-cpan.ufms.br\/wp-content\/uploads\/2016\/02\/Brasao_UFSC_vertical_extenso.svg_.png 2000w\" sizes=\"(max-width: 81px) 100vw, 81px\" \/><img decoding=\"async\" loading=\"lazy\" class=\"alignnone  wp-image-311\" src=\"http:\/\/ppeees-cpan.ufms.br\/wp-content\/uploads\/2016\/02\/Logo_Unicamp-300x288.jpg\" alt=\"Logo_Unicamp\" width=\"72\" height=\"70\" srcset=\"https:\/\/ppeees-cpan.ufms.br\/wp-content\/uploads\/2016\/02\/Logo_Unicamp-300x288.jpg 300w, https:\/\/ppeees-cpan.ufms.br\/wp-content\/uploads\/2016\/02\/Logo_Unicamp.jpg 460w\" sizes=\"(max-width: 72px) 100vw, 72px\" \/><img decoding=\"async\" loading=\"lazy\" class=\"alignnone  wp-image-308\" src=\"http:\/\/ppeees-cpan.ufms.br\/wp-content\/uploads\/2016\/02\/logoufscartrans.png\" alt=\"logoufscartrans\" width=\"97\" height=\"70\"><img decoding=\"async\" loading=\"lazy\" class=\"alignnone  wp-image-301\" src=\"http:\/\/ppeees-cpan.ufms.br\/wp-content\/uploads\/2016\/02\/images-300x98.png\" alt=\"images\" width=\"186\" height=\"61\" srcset=\"https:\/\/ppeees-cpan.ufms.br\/wp-content\/uploads\/2016\/02\/images-300x98.png 300w, https:\/\/ppeees-cpan.ufms.br\/wp-content\/uploads\/2016\/02\/images.png 393w\" sizes=\"(max-width: 186px) 100vw, 186px\" \/><\/p>\n<p>&nbsp;<\/p>\n<p style=\"text-align: left;\"><b>\u00d3rg\u00e3os de fomento<\/b>:<\/p>\n<p style=\"text-align: left;\">&nbsp;<img decoding=\"async\" loading=\"lazy\" class=\"alignnone  wp-image-1567\" src=\"http:\/\/ppeees-cpan.ufms.br\/wp-content\/uploads\/2014\/12\/logobitmap-300x133.jpg\" alt=\"logobitmap\" width=\"151\" height=\"67\">&nbsp;&nbsp;<img decoding=\"async\" loading=\"lazy\" class=\"alignnone  wp-image-1566\" src=\"http:\/\/ppeees-cpan.ufms.br\/wp-content\/uploads\/2014\/12\/capes.png\" alt=\"capes\" width=\"104\" height=\"95\">&nbsp;&nbsp;<img decoding=\"async\" loading=\"lazy\" class=\"alignnone  wp-image-256\" src=\"http:\/\/ppeees-cpan.ufms.br\/wp-content\/uploads\/2015\/05\/Obeduc-300x135.png\" alt=\"Obeduc\" width=\"223\" height=\"100\" srcset=\"https:\/\/ppeees-cpan.ufms.br\/wp-content\/uploads\/2015\/05\/Obeduc-300x135.png 300w, https:\/\/ppeees-cpan.ufms.br\/wp-content\/uploads\/2015\/05\/Obeduc-1024x460.png 1024w, https:\/\/ppeees-cpan.ufms.br\/wp-content\/uploads\/2015\/05\/Obeduc.png 1123w\" sizes=\"(max-width: 223px) 100vw, 223px\" \/><\/p>\n<p>&#8212;&#8212;&#8212;&#8212;&#8212;&#8212;&#8212;&#8212;&#8212;&#8212;&#8212;&#8212;&#8212;&#8212;&#8212;&#8212;&#8212;&#8212;&#8212;&#8212;&#8212;&#8212;&#8212;&#8212;&#8212;&#8212;&#8212;&#8212;&#8212;&#8212;&#8212;&#8212;&#8212;&#8212;&#8212;&#8212;&#8212;&#8212;-<\/p>\n<div><strong>Localiza\u00e7\u00e3o\/Contatos<\/strong><\/div>\n<div><\/div>\n<div><img decoding=\"async\" loading=\"lazy\" class=\"alignnone size-medium wp-image-253\" src=\"http:\/\/ppeees-cpan.ufms.br\/wp-content\/uploads\/2015\/05\/20150318_153246-1024x614-300x180.jpg\" alt=\"20150318_153246-1024x614\" width=\"300\" height=\"180\" srcset=\"https:\/\/ppeees-cpan.ufms.br\/wp-content\/uploads\/2015\/05\/20150318_153246-1024x614-300x180.jpg 300w, https:\/\/ppeees-cpan.ufms.br\/wp-content\/uploads\/2015\/05\/20150318_153246-1024x614.jpg 1024w\" sizes=\"(max-width: 300px) 100vw, 300px\" \/><\/div>\n<div><\/div>\n<div><strong>Universidade Federal de Mato Grosso do Sul<\/strong><\/div>\n<div>Campus Pantanal &#8211; Unidade III<\/div>\n<div>Programa de p\u00f3s-gradua\u00e7\u00e3o em Educa\u00e7\u00e3o &#8211; Sala B-17<\/div>\n<div>Rua Domingos Sahib, 99, Bairro Cervejaria<\/div>\n<div>Caixa Postal 252, CEP: 79.300-130<\/div>\n<div>Corumb\u00e1, MS \u2013 Brasil<\/div>\n<div>Telefone:&nbsp;<a href=\"tel:%2B55-67-%2032346214\">+55-67- 32346215<\/a><\/div>\n<div>Fax:&nbsp;<a href=\"tel:%2B55-67-%2032346214\">+55-67- 32346214<\/a><\/div>\n<div>ppge.cpan@ufms.br<\/div>\n<div>creiaufms@gmail.com<\/div>\n<div>\n<p><a href=\"https:\/\/www.google.com.br\/maps\/place\/R.+Domingos+Sahib,+99+-+Centro,+Corumb%C3%A1+-+MS,+79300-130\/@-18.9971663,-57.6573335,17z\/data=!3m1!4b1!4m2!3m1!1s0x9387a0973d4cc083:0x2bf02f6dc9683f25?hl=pt-BR\" target=\"_blank\" rel=\"noopener\"><img decoding=\"async\" loading=\"lazy\" class=\" wp-image-182 alignleft\" src=\"http:\/\/ppeees-cpan.ufms.br\/wp-content\/uploads\/2015\/02\/maps.png\" alt=\"maps\" width=\"34\" height=\"33\"><\/a><\/p>\n<\/div>\n<p style=\"text-align: left;\"><a href=\"https:\/\/www.google.com.br\/maps\/place\/R.+Domingos+Sahib,+99+-+Centro,+Corumb%C3%A1+-+MS,+79300-130\/@-18.9971663,-57.6573335,17z\/data=!3m1!4b1!4m2!3m1!1s0x9387a0973d4cc083:0x2bf02f6dc9683f25?hl=pt-BR\" target=\"_blank\" rel=\"noopener\">Onde estamos<\/a><\/p>\n<p style=\"text-align: left;\">&#8212;&#8212;&#8212;&#8212;&#8212;&#8212;&#8212;&#8212;&#8212;&#8212;&#8212;&#8212;&#8212;&#8212;&#8212;&#8212;&#8212;&#8212;&#8212;&#8212;&#8212;&#8212;&#8212;&#8212;&#8212;&#8212;&#8212;&#8212;&#8212;&#8212;&#8212;&#8212;&#8212;&#8212;&#8212;&#8212;&#8212;&#8212;-<\/p>\n<p style=\"text-align: left;\"><a href=\"http:\/\/ppgecpan.sites.ufms.br\/\" target=\"_blank\" rel=\"noopener\"><img decoding=\"async\" loading=\"lazy\" class=\"  wp-image-1529 aligncenter\" src=\"http:\/\/ppeees-cpan.ufms.br\/wp-content\/uploads\/2014\/12\/ppge-logo-289x300.jpg\" alt=\"ppge-logo\" width=\"90\" height=\"93\" srcset=\"https:\/\/ppeees-cpan.ufms.br\/wp-content\/uploads\/2014\/12\/ppge-logo-289x300.jpg 289w, https:\/\/ppeees-cpan.ufms.br\/wp-content\/uploads\/2014\/12\/ppge-logo-987x1024.jpg 987w, https:\/\/ppeees-cpan.ufms.br\/wp-content\/uploads\/2014\/12\/ppge-logo.jpg 1133w\" sizes=\"(max-width: 90px) 100vw, 90px\" \/><\/a><\/p>\n<p style=\"text-align: center;\"><strong><a href=\"http:\/\/ppgecpan.sites.ufms.br\/\" target=\"_blank\" rel=\"noopener\">Programa de p\u00f3s-gradua\u00e7\u00e3o em Educa\u00e7\u00e3o<\/a><\/strong><\/p>\n<p style=\"text-align: center;\">UFMS-Campus Pantanal<\/p>\n<p style=\"text-align: left;\"><a href=\"http:\/\/creia.sites.ufms.br\" target=\"_blank\" rel=\"noopener\"><img decoding=\"async\" loading=\"lazy\" class=\" wp-image-260 size-full aligncenter\" src=\"http:\/\/ppeees-cpan.ufms.br\/wp-content\/uploads\/2015\/05\/creia.jpg\" alt=\"creia\" width=\"240\" height=\"96\"><\/a><\/p>\n<p style=\"text-align: center;\"><a href=\"http:\/\/creia.sites.ufms.br\/\" target=\"_blank\" rel=\"noopener\"><strong>Centro de Refer\u00eancia de Estudos da Inf\u00e2ncia e Adolesc\u00eancia<\/strong><\/a><\/p>\n<p style=\"text-align: center;\">Grupo de pesquisa\/CNPq&nbsp;<strong>Educa\u00e7\u00e3o e Cidadania<\/strong>.<\/p>\n<p style=\"text-align: left;\"><a href=\"https:\/\/ppeees-cpan.ufms.br\/blogcaic\/\" target=\"_blank\" rel=\"noopener\">&nbsp;<\/a><\/p>\n<p style=\"text-align: center;\"><strong><a href=\"https:\/\/ppeees-cpan.ufms.br\/blogcaic\/\" target=\"_blank\" rel=\"noopener\"><img decoding=\"async\" loading=\"lazy\" class=\"alignnone wp-image-1674 size-medium\" src=\"http:\/\/ppeees-cpan.ufms.br\/wp-content\/uploads\/2017\/01\/Blog-Caic-300x64.png\" alt=\"Blog Caic\" width=\"300\" height=\"64\" srcset=\"https:\/\/ppeees-cpan.ufms.br\/wp-content\/uploads\/2017\/01\/Blog-Caic-300x64.png 300w, https:\/\/ppeees-cpan.ufms.br\/wp-content\/uploads\/2017\/01\/Blog-Caic-1024x218.png 1024w, https:\/\/ppeees-cpan.ufms.br\/wp-content\/uploads\/2017\/01\/Blog-Caic.png 1054w\" sizes=\"(max-width: 300px) 100vw, 300px\" \/><\/a><\/strong><\/p>\n<p style=\"text-align: center;\"><strong><a href=\"https:\/\/ppeees-cpan.ufms.br\/blogcaic\/\" target=\"_blank\" rel=\"noopener\">Blog CAIC<\/a><\/strong>: projeto de extens\u00e3o.<\/p>\n<p style=\"text-align: left;\">&#8212;&#8212;&#8212;&#8212;&#8212;&#8212;&#8212;&#8212;&#8212;&#8212;&#8212;&#8212;&#8212;&#8212;&#8212;&#8212;&#8212;&#8212;&#8212;&#8212;&#8212;&#8212;&#8212;&#8212;&#8212;&#8212;&#8212;&#8212;&#8212;&#8212;&#8212;&#8212;&#8212;&#8212;&#8212;&#8212;&#8212;&#8212;-<\/p>\n","protected":false},"excerpt":{"rendered":"<p>O Programa de P\u00f3s-Gradua\u00e7\u00e3o em Educa\u00e7\u00e3o da Universidade Cat\u00f3lica Dom Bosco (UCDB), o Programa de P\u00f3s-Gradua\u00e7\u00e3o em Educa\u00e7\u00e3o \u2013 Educa\u00e7\u00e3o Social da Universidade Federal de Mato Grosso do Sul (UFMS) \u2013 Campus do Pantanal (CPAN) e a Rede de Pesquisa em Educa\u00e7\u00e3o Especial de Mato Grosso do Sul (REPEEMS) convidam para a roda de conversa [&hellip;]<\/p>\n","protected":false},"author":3,"featured_media":0,"parent":0,"menu_order":0,"comment_status":"closed","ping_status":"open","template":"","meta":[],"_links":{"self":[{"href":"https:\/\/ppeees-cpan.ufms.br\/index.php?rest_route=\/wp\/v2\/pages\/2"}],"collection":[{"href":"https:\/\/ppeees-cpan.ufms.br\/index.php?rest_route=\/wp\/v2\/pages"}],"about":[{"href":"https:\/\/ppeees-cpan.ufms.br\/index.php?rest_route=\/wp\/v2\/types\/page"}],"author":[{"embeddable":true,"href":"https:\/\/ppeees-cpan.ufms.br\/index.php?rest_route=\/wp\/v2\/users\/3"}],"replies":[{"embeddable":true,"href":"https:\/\/ppeees-cpan.ufms.br\/index.php?rest_route=%2Fwp%2Fv2%2Fcomments&post=2"}],"version-history":[{"count":140,"href":"https:\/\/ppeees-cpan.ufms.br\/index.php?rest_route=\/wp\/v2\/pages\/2\/revisions"}],"predecessor-version":[{"id":1778,"href":"https:\/\/ppeees-cpan.ufms.br\/index.php?rest_route=\/wp\/v2\/pages\/2\/revisions\/1778"}],"wp:attachment":[{"href":"https:\/\/ppeees-cpan.ufms.br\/index.php?rest_route=%2Fwp%2Fv2%2Fmedia&parent=2"}],"curies":[{"name":"wp","href":"https:\/\/api.w.org\/{rel}","templated":true}]}}